{"id":3,"date":"2022-07-19T11:21:03","date_gmt":"2022-07-19T11:21:03","guid":{"rendered":"https:\/\/sitodelvalle.com\/?page_id=3"},"modified":"2022-09-27T13:14:09","modified_gmt":"2022-09-27T13:14:09","slug":"politica-privacidad","status":"publish","type":"page","link":"https:\/\/sitodelvalle.com\/gl\/politica-privacidad\/","title":{"rendered":"Pol\u00edtica de privacidade"},"content":{"rendered":"<div data-elementor-type=\"wp-page\" data-elementor-id=\"3\" class=\"elementor elementor-3\">\n\t\t\t\t\t\t\t\t\t<section class=\"elementor-section elementor-top-section elementor-element elementor-element-2d3608d elementor-section-boxed elementor-section-height-default elementor-section-height-default\" data-id=\"2d3608d\" data-element_type=\"section\">\n\t\t\t\t\t\t<div class=\"elementor-container elementor-column-gap-default\">\n\t\t\t\t\t<div class=\"elementor-column elementor-col-100 elementor-top-column elementor-element elementor-element-8c0b2fa\" data-id=\"8c0b2fa\" data-element_type=\"column\">\n\t\t\t<div class=\"elementor-widget-wrap elementor-element-populated\">\n\t\t\t\t\t\t\t\t<div class=\"elementor-element elementor-element-872f209 elementor-widget elementor-widget-heading\" data-id=\"872f209\" data-element_type=\"widget\" data-widget_type=\"heading.default\">\n\t\t\t\t<div class=\"elementor-widget-container\">\n\t\t\t<style>\/*! elementor - v3.11.5 - 14-03-2023 *\/\n.elementor-heading-title{padding:0;margin:0;line-height:1}.elementor-widget-heading .elementor-heading-title[class*=elementor-size-]>a{color:inherit;font-size:inherit;line-height:inherit}.elementor-widget-heading .elementor-heading-title.elementor-size-small{font-size:15px}.elementor-widget-heading .elementor-heading-title.elementor-size-medium{font-size:19px}.elementor-widget-heading .elementor-heading-title.elementor-size-large{font-size:29px}.elementor-widget-heading .elementor-heading-title.elementor-size-xl{font-size:39px}.elementor-widget-heading .elementor-heading-title.elementor-size-xxl{font-size:59px}<\/style><h2 class=\"elementor-heading-title elementor-size-default\">POL\u00cdTICA DE PRIVACIDADE<\/h2>\t\t<\/div>\n\t\t\t\t<\/div>\n\t\t\t\t<div class=\"elementor-element elementor-element-9644f2a elementor-widget-divider--view-line elementor-widget elementor-widget-divider\" data-id=\"9644f2a\" data-element_type=\"widget\" data-widget_type=\"divider.default\">\n\t\t\t\t<div class=\"elementor-widget-container\">\n\t\t\t<style>\/*! elementor - v3.11.5 - 14-03-2023 *\/\n.elementor-widget-divider{--divider-border-style:none;--divider-border-width:1px;--divider-color:#2c2c2c;--divider-icon-size:20px;--divider-element-spacing:10px;--divider-pattern-height:24px;--divider-pattern-size:20px;--divider-pattern-url:none;--divider-pattern-repeat:repeat-x}.elementor-widget-divider .elementor-divider{display:flex}.elementor-widget-divider .elementor-divider__text{font-size:15px;line-height:1;max-width:95%}.elementor-widget-divider .elementor-divider__element{margin:0 var(--divider-element-spacing);flex-shrink:0}.elementor-widget-divider .elementor-icon{font-size:var(--divider-icon-size)}.elementor-widget-divider .elementor-divider-separator{display:flex;margin:0;direction:ltr}.elementor-widget-divider--view-line_icon .elementor-divider-separator,.elementor-widget-divider--view-line_text .elementor-divider-separator{align-items:center}.elementor-widget-divider--view-line_icon .elementor-divider-separator:after,.elementor-widget-divider--view-line_icon .elementor-divider-separator:before,.elementor-widget-divider--view-line_text .elementor-divider-separator:after,.elementor-widget-divider--view-line_text .elementor-divider-separator:before{display:block;content:\"\";border-bottom:0;flex-grow:1;border-top:var(--divider-border-width) var(--divider-border-style) var(--divider-color)}.elementor-widget-divider--element-align-left .elementor-divider .elementor-divider-separator>.elementor-divider__svg:first-of-type{flex-grow:0;flex-shrink:100}.elementor-widget-divider--element-align-left .elementor-divider-separator:before{content:none}.elementor-widget-divider--element-align-left .elementor-divider__element{margin-left:0}.elementor-widget-divider--element-align-right .elementor-divider .elementor-divider-separator>.elementor-divider__svg:last-of-type{flex-grow:0;flex-shrink:100}.elementor-widget-divider--element-align-right .elementor-divider-separator:after{content:none}.elementor-widget-divider--element-align-right .elementor-divider__element{margin-right:0}.elementor-widget-divider:not(.elementor-widget-divider--view-line_text):not(.elementor-widget-divider--view-line_icon) .elementor-divider-separator{border-top:var(--divider-border-width) var(--divider-border-style) var(--divider-color)}.elementor-widget-divider--separator-type-pattern{--divider-border-style:none}.elementor-widget-divider--separator-type-pattern.elementor-widget-divider--view-line .elementor-divider-separator,.elementor-widget-divider--separator-type-pattern:not(.elementor-widget-divider--view-line) .elementor-divider-separator:after,.elementor-widget-divider--separator-type-pattern:not(.elementor-widget-divider--view-line) .elementor-divider-separator:before,.elementor-widget-divider--separator-type-pattern:not([class*=elementor-widget-divider--view]) .elementor-divider-separator{width:100%;min-height:var(--divider-pattern-height);-webkit-mask-size:var(--divider-pattern-size) 100%;mask-size:var(--divider-pattern-size) 100%;-webkit-mask-repeat:var(--divider-pattern-repeat);mask-repeat:var(--divider-pattern-repeat);background-color:var(--divider-color);-webkit-mask-image:var(--divider-pattern-url);mask-image:var(--divider-pattern-url)}.elementor-widget-divider--no-spacing{--divider-pattern-size:auto}.elementor-widget-divider--bg-round{--divider-pattern-repeat:round}.rtl .elementor-widget-divider .elementor-divider__text{direction:rtl}.e-con-inner>.elementor-widget-divider,.e-con>.elementor-widget-divider{width:var(--container-widget-width,100%);--flex-grow:var(--container-widget-flex-grow)}<\/style>\t\t<div class=\"elementor-divider\">\n\t\t\t<span class=\"elementor-divider-separator\">\n\t\t\t\t\t\t<\/span>\n\t\t<\/div>\n\t\t\t\t<\/div>\n\t\t\t\t<\/div>\n\t\t\t\t\t<\/div>\n\t\t<\/div>\n\t\t\t\t\t\t\t<\/div>\n\t\t<\/section>\n\t\t\t\t<section class=\"elementor-section elementor-top-section elementor-element elementor-element-504d6d0 elementor-section-boxed elementor-section-height-default elementor-section-height-default\" data-id=\"504d6d0\" data-element_type=\"section\">\n\t\t\t\t\t\t<div class=\"elementor-container elementor-column-gap-default\">\n\t\t\t\t\t<div class=\"elementor-column elementor-col-100 elementor-top-column elementor-element elementor-element-18cb497\" data-id=\"18cb497\" data-element_type=\"column\">\n\t\t\t<div class=\"elementor-widget-wrap elementor-element-populated\">\n\t\t\t\t\t\t\t\t<div class=\"elementor-element elementor-element-d0dae5f elementor-widget elementor-widget-heading\" data-id=\"d0dae5f\" data-element_type=\"widget\" data-widget_type=\"heading.default\">\n\t\t\t\t<div class=\"elementor-widget-container\">\n\t\t\t<h4 class=\"elementor-heading-title elementor-size-default\">POL\u00cdTICA DE PRIVACIDADE<\/h4>\t\t<\/div>\n\t\t\t\t<\/div>\n\t\t\t\t<div class=\"elementor-element elementor-element-58b8eeb elementor-widget elementor-widget-text-editor\" data-id=\"58b8eeb\" data-element_type=\"widget\" data-widget_type=\"text-editor.default\">\n\t\t\t\t<div class=\"elementor-widget-container\">\n\t\t\t<style>\/*! elementor - v3.11.5 - 14-03-2023 *\/\n.elementor-widget-text-editor.elementor-drop-cap-view-stacked .elementor-drop-cap{background-color:#818a91;color:#fff}.elementor-widget-text-editor.elementor-drop-cap-view-framed .elementor-drop-cap{color:#818a91;border:3px solid;background-color:transparent}.elementor-widget-text-editor:not(.elementor-drop-cap-view-default) .elementor-drop-cap{margin-top:8px}.elementor-widget-text-editor:not(.elementor-drop-cap-view-default) .elementor-drop-cap-letter{width:1em;height:1em}.elementor-widget-text-editor .elementor-drop-cap{float:left;text-align:center;line-height:1;font-size:50px}.elementor-widget-text-editor .elementor-drop-cap-letter{display:inline-block}<\/style>\t\t\t\t<p align=\"justify\">De conformidad con lo dispuesto en el Reglamento General (UE) Sobre Protecci\u00f3n de Datos, mediante la aceptaci\u00f3n de la presente Pol\u00edtica de Privacidad prestas tu consentimiento informado, expreso, libre e inequ\u00edvoco para que los datos personales que proporciones a trav\u00e9s de la p\u00e1gina web https:\/\/sitodelvalle.com (en adelante SITIO WEB) sean incluidos en un fichero de \u201cUSUARIOS WEBY SUSCRIPTORES\u201d as\u00ed como \u201cCLIENTES Y\/O PROVEEDORES\u201d<\/p>\n<p align=\"justify\">Todo isto est\u00e1 debidamente rexistrado na axencia espa\u00f1ola de Protecci\u00f3n de Datos, e respecto dos cales Sito del Valle garante que ten implantadas as medidas de seguridade organizativas e t\u00e9cnicas esixidas polo RGPD.<\/p>\n<p align=\"justify\">Esta Pol\u00edtica de Privacidade apl\u00edcase s\u00f3 aos datos de car\u00e1cter persoal recollidos na Web, non sendo aplicable a informaci\u00f3n recollida por terceiros en outros sitios, mesmo se eles est\u00e1n ligados polo sitio Web.<\/p>\n<p align=\"justify\">Con este manifesto o meu compromiso de manter e garantir as relaci\u00f3ns comerciais do formulario de seguridade a trav\u00e9s da protecci\u00f3n de datos persoais, e garantindo o dereito \u00e1 privacidade de cada un dos usuarios do noso sitio web.<\/p>\t\t\t\t\t\t<\/div>\n\t\t\t\t<\/div>\n\t\t\t\t<div class=\"elementor-element elementor-element-defb0fc elementor-widget elementor-widget-heading\" data-id=\"defb0fc\" data-element_type=\"widget\" data-widget_type=\"heading.default\">\n\t\t\t\t<div class=\"elementor-widget-container\">\n\t\t\t<h5 class=\"elementor-heading-title elementor-size-default\">1. CALES SON OS DATOS PERSOAIS?\n<\/h5>\t\t<\/div>\n\t\t\t\t<\/div>\n\t\t\t\t<div class=\"elementor-element elementor-element-5c20a6a elementor-widget elementor-widget-text-editor\" data-id=\"5c20a6a\" data-element_type=\"widget\" data-widget_type=\"text-editor.default\">\n\t\t\t\t<div class=\"elementor-widget-container\">\n\t\t\t\t\t\t\t<p align=\"justify\">Unha pequena visi\u00f3n \u00e9 importante, polo tanto, ten que saber que \u00eda ser calquera informaci\u00f3n relativa a unha persoa que nos d\u00e1 cando visita o noso sitio web, no noso caso, nome e correo-e, e se mercar calquera produto que requiren factura, imos pedir o Enderezo completo, nome, apelidos e n\u00famero de DNI ou do ive.<\/p>\n<p align=\"justify\">Ademais, cando visita o noso sitio web, certa informaci\u00f3n \u00e9 automaticamente gardados por raz\u00f3ns t\u00e9cnicas, tales como o enderezo IP asignado a vostede polo seu proveedor de acceso a Internet.<\/p>\t\t\t\t\t\t<\/div>\n\t\t\t\t<\/div>\n\t\t\t\t<div class=\"elementor-element elementor-element-e66b789 elementor-widget elementor-widget-heading\" data-id=\"e66b789\" data-element_type=\"widget\" data-widget_type=\"heading.default\">\n\t\t\t\t<div class=\"elementor-widget-container\">\n\t\t\t<h5 class=\"elementor-heading-title elementor-size-default\">2. FINALIDADE, LEGITIMACION, CATEGOR\u00cdA DOS DATOS RECOLLIDOS, O CONSENTIMENTO PARA O TRATAMENTO DOS MENORES.<\/h5>\t\t<\/div>\n\t\t\t\t<\/div>\n\t\t\t\t<div class=\"elementor-element elementor-element-486c6eb elementor-widget elementor-widget-heading\" data-id=\"486c6eb\" data-element_type=\"widget\" data-widget_type=\"heading.default\">\n\t\t\t\t<div class=\"elementor-widget-container\">\n\t\t\t<h6 class=\"elementor-heading-title elementor-size-default\">2.1 FINALIDADE<\/h6>\t\t<\/div>\n\t\t\t\t<\/div>\n\t\t\t\t<div class=\"elementor-element elementor-element-6b0b584 elementor-widget elementor-widget-text-editor\" data-id=\"6b0b584\" data-element_type=\"widget\" data-widget_type=\"text-editor.default\">\n\t\t\t\t<div class=\"elementor-widget-container\">\n\t\t\t\t\t\t\t<p align=\"justify\">Como se afirma no regras, o USUARIO \u00e9 informado de que, a trav\u00e9s das formas de contacto ou subscrici\u00f3ns de datos son recollidos, que son almacenados nun ficheiro, coa \u00fanica finalidade de env\u00edo de comunicaci\u00f3ns electr\u00f3nicas, tales como bolet\u00edns electr\u00f3nicos (newsletters), novas entradas (posts), ofertas comerciais, libre webinars, as\u00ed como outras comunicaci\u00f3ns a Web do Val en un Positivo significa interesante para os seus USUARIOS. Os campos marcados como obrigatorios, son esenciais para realizar a expresada finalidade.<\/p>\n<p align=\"justify\">Tam\u00e9n pode proporcionar conformidade a trav\u00e9s de datos, os requisitos solicitados polos USUARIOS.<\/p>\n<p align=\"justify\">En suma, o OBXECTIVO da cal \u00e9 o seguinte:<\/p>\n<p align=\"justify\">Terapias Naturais<\/p>\n<p align=\"justify\">A aceptaci\u00f3n da pol\u00edtica de protecci\u00f3n de datos, mediante o procedemento establecido de dobleopt -, ser\u00e1 considerada, para todos os efectos como a prestaci\u00f3n do CONSENTIMENTO EXPL\u00cdCITO E INEQUIVOCO do USUARIO ao tratamento de datos de car\u00e1cter persoal nos termos establecidos neste documento, as\u00ed como a transferencia internacional de datos que ocorre exclusivamente debido \u00e1 localizaci\u00f3n f\u00edsica das instalaci\u00f3ns do servizo de provedores encargado de procesamento de datos.<\/p>\n<p align=\"justify\">En ning\u00fan caso debe haber un uso diferente do que a finalidade para a que foron recollidos os datos, nin moitos menos eu vou pasalo a un terceiro de datos.<\/p>\t\t\t\t\t\t<\/div>\n\t\t\t\t<\/div>\n\t\t\t\t<div class=\"elementor-element elementor-element-757e1ff elementor-widget elementor-widget-heading\" data-id=\"757e1ff\" data-element_type=\"widget\" data-widget_type=\"heading.default\">\n\t\t\t\t<div class=\"elementor-widget-container\">\n\t\t\t<h6 class=\"elementor-heading-title elementor-size-default\">2.2 MENORES\n\n\n<\/h6>\t\t<\/div>\n\t\t\t\t<\/div>\n\t\t\t\t<div class=\"elementor-element elementor-element-6febad7 elementor-widget elementor-widget-text-editor\" data-id=\"6febad7\" data-element_type=\"widget\" data-widget_type=\"text-editor.default\">\n\t\t\t\t<div class=\"elementor-widget-container\">\n\t\t\t\t\t\t\t<p align=\"justify\">No suposto de ser m\u00e1is de trece anos de idade, pode rexistrar en www.sitodelvalle.com sen o previo consentimento dos seus pais ou titores.<\/p>\n<p align=\"justify\">O que pasa no caso de que son menores de 14 anos de idade?<\/p>\n<p align=\"justify\">Neste curso, vai ser unha condici\u00f3n obrigatoria de que o consentimento dos seus pais ou titor, de xeito que podemos tratar os seus datos de car\u00e1cter persoal<\/p>\n<p align=\"justify\">Aviso: Se son menores de catorce anos de idade e non ter obtido o consentimento dos seus pais, que non pode rexistrar na p\u00e1xina web, de xeito que n\u00f3s imos negar a s\u00faa solicitude se te\u00f1en evidencias de este.<\/p>\t\t\t\t\t\t<\/div>\n\t\t\t\t<\/div>\n\t\t\t\t<div class=\"elementor-element elementor-element-93eca35 elementor-widget elementor-widget-heading\" data-id=\"93eca35\" data-element_type=\"widget\" data-widget_type=\"heading.default\">\n\t\t\t\t<div class=\"elementor-widget-container\">\n\t\t\t<h6 class=\"elementor-heading-title elementor-size-default\">2.3 LEGITIMACION\n\n<\/h6>\t\t<\/div>\n\t\t\t\t<\/div>\n\t\t\t\t<div class=\"elementor-element elementor-element-50e50b5 elementor-widget elementor-widget-text-editor\" data-id=\"50e50b5\" data-element_type=\"widget\" data-widget_type=\"text-editor.default\">\n\t\t\t\t<div class=\"elementor-widget-container\">\n\t\t\t\t\t\t\t<p align=\"justify\">Grazas ao consentimento, podemos proceso seus datos, sendo requisito obrigatorio para rexistrar para o sitio web.<\/p>\n<p align=\"justify\">Como vostede ben sabe, pode retirar o seu consentimento \u00e1 vez que quere.<\/p>\t\t\t\t\t\t<\/div>\n\t\t\t\t<\/div>\n\t\t\t\t<div class=\"elementor-element elementor-element-6774061 elementor-widget elementor-widget-heading\" data-id=\"6774061\" data-element_type=\"widget\" data-widget_type=\"heading.default\">\n\t\t\t\t<div class=\"elementor-widget-container\">\n\t\t\t<h6 class=\"elementor-heading-title elementor-size-default\">2.4 CATEGOR\u00cdA DOS DATOS\n\n<\/h6>\t\t<\/div>\n\t\t\t\t<\/div>\n\t\t\t\t<div class=\"elementor-element elementor-element-a246238 elementor-widget elementor-widget-text-editor\" data-id=\"a246238\" data-element_type=\"widget\" data-widget_type=\"text-editor.default\">\n\t\t\t\t<div class=\"elementor-widget-container\">\n\t\t\t\t\t\t\t<p align=\"justify\">Os datos recollidos en ning\u00fan momento son especialmente protexido, pero que son categorizados como datos de identificaci\u00f3n.<\/p>\t\t\t\t\t\t<\/div>\n\t\t\t\t<\/div>\n\t\t\t\t<div class=\"elementor-element elementor-element-44542a4 elementor-widget elementor-widget-heading\" data-id=\"44542a4\" data-element_type=\"widget\" data-widget_type=\"heading.default\">\n\t\t\t\t<div class=\"elementor-widget-container\">\n\t\t\t<h6 class=\"elementor-heading-title elementor-size-default\">2.5 TEMPO DE CONSERVACI\u00d3N DOS DATOS\n\n<\/h6>\t\t<\/div>\n\t\t\t\t<\/div>\n\t\t\t\t<div class=\"elementor-element elementor-element-f2da93c elementor-widget elementor-widget-text-editor\" data-id=\"f2da93c\" data-element_type=\"widget\" data-widget_type=\"text-editor.default\">\n\t\t\t\t<div class=\"elementor-widget-container\">\n\t\t\t\t\t\t\t<p align=\"justify\">Eu vou manter os seus datos durante o tempo legalmente establecido, ou ata que vostede petici\u00f3n para eliminar-los.<\/p>\t\t\t\t\t\t<\/div>\n\t\t\t\t<\/div>\n\t\t\t\t<div class=\"elementor-element elementor-element-62aa0ed elementor-widget elementor-widget-heading\" data-id=\"62aa0ed\" data-element_type=\"widget\" data-widget_type=\"heading.default\">\n\t\t\t\t<div class=\"elementor-widget-container\">\n\t\t\t<h6 class=\"elementor-heading-title elementor-size-default\">2.6 EXACTITUDE E VERACIDADE DOS DATOS\n\n<\/h6>\t\t<\/div>\n\t\t\t\t<\/div>\n\t\t\t\t<div class=\"elementor-element elementor-element-9603003 elementor-widget elementor-widget-text-editor\" data-id=\"9603003\" data-element_type=\"widget\" data-widget_type=\"text-editor.default\">\n\t\t\t\t<div class=\"elementor-widget-container\">\n\t\t\t\t\t\t\t<p align=\"justify\">Obviamente vostede \u00e9 o \u00fanico responsable da veracidade e exactitude dos datos que eu enviar eximi\u00e9ndome de calquera tipo de responsabilidade a este respecto.<\/p>\n<p align=\"justify\">Como usuario, vostede debe garantir a veracidade e autenticidade dos datos persoais facilitados e debe proporcionar a completa e correcta informaci\u00f3n sobre os diversos formularios de recollida de datos.<\/p>\t\t\t\t\t\t<\/div>\n\t\t\t\t<\/div>\n\t\t\t\t<div class=\"elementor-element elementor-element-0441056 elementor-widget elementor-widget-heading\" data-id=\"0441056\" data-element_type=\"widget\" data-widget_type=\"heading.default\">\n\t\t\t\t<div class=\"elementor-widget-container\">\n\t\t\t<h5 class=\"elementor-heading-title elementor-size-default\">3. CUMPRIMENTO DAS NORMAS DE APLICACI\u00d3N.-\n\n<\/h5>\t\t<\/div>\n\t\t\t\t<\/div>\n\t\t\t\t<div class=\"elementor-element elementor-element-030c3ff elementor-widget elementor-widget-text-editor\" data-id=\"030c3ff\" data-element_type=\"widget\" data-widget_type=\"text-editor.default\">\n\t\t\t\t<div class=\"elementor-widget-container\">\n\t\t\t\t\t\t\t<p align=\"justify\">Situado no Val ata a data de acordo coas directrices da Lei Org\u00e1nica 15\/1999, de 13 de decembro sobre a Protecci\u00f3n de Datos de car\u00e1cter Persoal, o Real Decreto 1720\/2007, de 21 de decembro, polo que se aproba o Regulamento de desenvolvemento da Lei Org\u00e1nica e demais normativa vixente e aplicable en calquera momento, se est\u00e1 traballando para garantir un correcto uso e tratamento dos datos persoais do usuario.<\/p>\n<p align=\"justify\">A partir de maio de 2018, que vai cumprir a normativa que entrar\u00e1 en aplicaci\u00f3n, de ser o Regulamento Xeral de Protecci\u00f3n de Datos (RGPD) da Uni\u00f3n Europea.<\/p>\n<p align=\"justify\">Ademais, inform\u00e1moslle que cumprir a Lei 34\/2002, de 11 de xullo, de Servizos da Sociedade da Informaci\u00f3n e de Comercio Electr\u00f3nico e vai solicitar o seu consentimento do USUARIO para o tratamento do seu correo electr\u00f3nico para fins comerciais en cada momento.<\/p>\n<p align=\"justify\">En cumprimento das disposici\u00f3ns da lexislaci\u00f3n, inform\u00e1moslle que os datos proporcionados, as\u00ed como os derivados de datos da s\u00faa navegaci\u00f3n, poden ser almacenados en ficheiros Situado no Val e tratados coa finalidade de responder \u00e1 s\u00faa solicitude e para o mantemento da relaci\u00f3n establecida nas formas que se rexistrar.<\/p>\n<p align=\"justify\">Ademais, o USUARIO consente o tratamento dos seus datos para a finalidade de informar eles, por calquera medio, inclu\u00edndo correo electr\u00f3nico, dos produtos e servizos do Sitio web de o Val.<\/p>\n<p align=\"justify\">No caso de non autorizar o tratamento dos seus datos para os fins indicados anteriormente, o USUARIO poder\u00e1 exercer o seu dereito de oposici\u00f3n ao tratamento dos seus datos nos termos e condici\u00f3ns establecidos a continuaci\u00f3n, baixo o t\u00edtulo &#034;Exercicio de Dereitos&#034;<\/p>\t\t\t\t\t\t<\/div>\n\t\t\t\t<\/div>\n\t\t\t\t<div class=\"elementor-element elementor-element-489a789 elementor-widget elementor-widget-heading\" data-id=\"489a789\" data-element_type=\"widget\" data-widget_type=\"heading.default\">\n\t\t\t\t<div class=\"elementor-widget-container\">\n\t\t\t<h5 class=\"elementor-heading-title elementor-size-default\">4. MEDIDAS DE SEGURIDADE.\n<\/h5>\t\t<\/div>\n\t\t\t\t<\/div>\n\t\t\t\t<div class=\"elementor-element elementor-element-f5748ee elementor-widget elementor-widget-text-editor\" data-id=\"f5748ee\" data-element_type=\"widget\" data-widget_type=\"text-editor.default\">\n\t\t\t\t<div class=\"elementor-widget-container\">\n\t\t\t\t\t\t\t<p align=\"justify\">Sito del Valle inf\u00f3rmalle de que ten implantadas as medidas de seguridade de t\u00e9cnico e de natureza organizativa necesarias para garantir a seguridade dos seus datos de car\u00e1cter persoal e evitar a s\u00faa alteraci\u00f3n, perda e tratamento e\/ou acceso non autorizado, tendo en conta o estado da tecnolox\u00eda, a natureza dos datos almacenados e os riscos a que est\u00e1n expostos, xa sexa por acci\u00f3n humana ou o f\u00edsico ou natural medio ambiente. Todo isto \u00e9 de conformidade co disposto no RGPD.<\/p>\n<p align=\"justify\">Tam\u00e9n, Situado no Val estableceu medidas adicionais para reforzar a confidencialidade e integridade da informaci\u00f3n na s\u00faa organizaci\u00f3n. Continuamente manter a supervisi\u00f3n, control e avaliaci\u00f3n dos procesos para asegurar o respecto \u00e1 privacidade dos datos.<\/p>\n<p align=\"justify\">Tam\u00e9n, como se pode ver, o sitio web ten certificado SSL de xeito que se garante a seguridade dos seus datos.<\/p>\t\t\t\t\t\t<\/div>\n\t\t\t\t<\/div>\n\t\t\t\t<div class=\"elementor-element elementor-element-37cecc9 elementor-widget elementor-widget-heading\" data-id=\"37cecc9\" data-element_type=\"widget\" data-widget_type=\"heading.default\">\n\t\t\t\t<div class=\"elementor-widget-container\">\n\t\t\t<h5 class=\"elementor-heading-title elementor-size-default\">5. EXERCICIO DE DEREITOS<\/h5>\t\t<\/div>\n\t\t\t\t<\/div>\n\t\t\t\t<div class=\"elementor-element elementor-element-46e93a4 elementor-widget elementor-widget-text-editor\" data-id=\"46e93a4\" data-element_type=\"widget\" data-widget_type=\"text-editor.default\">\n\t\t\t\t<div class=\"elementor-widget-container\">\n\t\t\t\t\t\t\t<p align=\"justify\">Aqueles individuos que te\u00f1en sometidos os seus datos a trav\u00e9s do noso sitio web, pode ser dirixido para o propietario da mesma, a fin de ser capaz de exercer gratuitamente os seus dereitos de acceso aos seus datos, rectificaci\u00f3n ou cancelaci\u00f3n, limitaci\u00f3n e oposici\u00f3n sobre os datos inclu\u00eddos nos ficheiros.<\/p>\n<p align=\"justify\">O m\u00e1is r\u00e1pido e m\u00e1is f\u00e1cil m\u00e9todo ser\u00eda por acceder \u00e1 t\u00faa conta de usuario directamente e modificar os seus datos ou eliminar a s\u00faa conta de usuario. Calquera informaci\u00f3n que pode ter a tenda en baixo legal ou contractual obriga, ser\u00e1 bloqueado e utilizado s\u00f3 para tales fins, en vez de ser eliminado.<\/p>\n<p align=\"justify\">O interesado pode exercitar os seus dereitos mediante comunicaci\u00f3n escrita dirixida ao Sitio web do Val, coa referencia &#034;Protecci\u00f3n de datos&#034;, especificando os seus datos, que demostren a s\u00faa identidade e as raz\u00f3ns da s\u00faa solicitude ao seguinte enderezo:<\/p>\n<p align=\"justify\">Sito del Valle<\/p>\n<p align=\"justify\"><strong>CALLE MANUEL PEREIRA, 20, BAIXO 32003 OURENSE<\/strong><br \/>Vostede pode exercer os dereitos, a trav\u00e9s de correo electr\u00f3nico: <a href=\"mailto:INFO@SITODELVALLE.COM\">INFO@SITODELVALLE.COM<\/a><\/p>\t\t\t\t\t\t<\/div>\n\t\t\t\t<\/div>\n\t\t\t\t<div class=\"elementor-element elementor-element-1618089 elementor-widget elementor-widget-heading\" data-id=\"1618089\" data-element_type=\"widget\" data-widget_type=\"heading.default\">\n\t\t\t\t<div class=\"elementor-widget-container\">\n\t\t\t<h5 class=\"elementor-heading-title elementor-size-default\">6. LIGAZ\u00d3NS OU ENLACES EXTERNOS\n<\/h5>\t\t<\/div>\n\t\t\t\t<\/div>\n\t\t\t\t<div class=\"elementor-element elementor-element-6ffb7be elementor-widget elementor-widget-text-editor\" data-id=\"6ffb7be\" data-element_type=\"widget\" data-widget_type=\"text-editor.default\">\n\t\t\t\t<div class=\"elementor-widget-container\">\n\t\t\t\t\t\t\t<p align=\"justify\">Como un servizo para os nosos visitantes, o noso sitio web pode inclu\u00edr enlaces a outros sitios que non son operados ou controlado polo sitio Web. Polo tanto, o noso sitio web non garante nin se fai responsable da licitude, fiabilidade, utilidade, veracidade e actualidade do contido de tales sitios ou as s\u00faas pr\u00e1cticas de privacidade. Por favor, antes de proporcionar a s\u00faa informaci\u00f3n persoal a estes sitios web f\u00f3ra do noso sitio web, ten en conta que as s\u00faas pr\u00e1cticas de privacidade poden diferir das nosas.<\/p>\n<p align=\"justify\">O \u00fanico prop\u00f3sito de ligaz\u00f3ns \u00e9 ofrecer ao Usuario a posibilidade de acceder a estas ligaz\u00f3ns, e aprender sobre o noso traballo, a\u00ednda que vcgs.net non ofrece ou vende por si mesmo ou a trav\u00e9s de terceiros a informaci\u00f3n, contidos e servizos dispo\u00f1ibles en sitios ligados, nin aprobar, supervisar ou controlar en calquera forma que calquera dos contidos e servizos, e calquera material de calquera natureza en eles. O noso sitio web non ser\u00e1 responsable, en ning\u00fan caso, os resultados que pode ser derivado para o Usuario polo acceso a tales ligaz\u00f3ns.<\/p>\t\t\t\t\t\t<\/div>\n\t\t\t\t<\/div>\n\t\t\t\t<div class=\"elementor-element elementor-element-57b9797 elementor-widget elementor-widget-heading\" data-id=\"57b9797\" data-element_type=\"widget\" data-widget_type=\"heading.default\">\n\t\t\t\t<div class=\"elementor-widget-container\">\n\t\t\t<h5 class=\"elementor-heading-title elementor-size-default\">7. MODIFICACI\u00d3N DA POL\u00cdTICA DE PRIVACIDADE<\/h5>\t\t<\/div>\n\t\t\t\t<\/div>\n\t\t\t\t<div class=\"elementor-element elementor-element-3f943e1 elementor-widget elementor-widget-text-editor\" data-id=\"3f943e1\" data-element_type=\"widget\" data-widget_type=\"text-editor.default\">\n\t\t\t\t<div class=\"elementor-widget-container\">\n\t\t\t\t\t\t\t<p align=\"justify\">Sito del Valle res\u00e9rvase o dereito a modificar a s\u00faa Pol\u00edtica de Privacidade, de acordo cos seus propios criterios, motivado por un cambio na lexislaci\u00f3n, xurisprudencial ou doutrinal da Axencia espa\u00f1ola de Protecci\u00f3n de Datos.<\/p>\n<p align=\"justify\">Calquera modificaci\u00f3n da Pol\u00edtica de Privacidade ser\u00e1n publicadas polo menos dez d\u00edas antes da s\u00faa aplicaci\u00f3n efectiva. O uso do Sitio web do Val despois de tales cambios, significar\u00e1 a s\u00faa aceptaci\u00f3n da mesma.<\/p>\t\t\t\t\t\t<\/div>\n\t\t\t\t<\/div>\n\t\t\t\t<div class=\"elementor-element elementor-element-a4a1547 elementor-widget elementor-widget-heading\" data-id=\"a4a1547\" data-element_type=\"widget\" data-widget_type=\"heading.default\">\n\t\t\t\t<div class=\"elementor-widget-container\">\n\t\t\t<h5 class=\"elementor-heading-title elementor-size-default\">8. XESTOR DE FICHEIROS, E O ENCARGADO DO TRATAMENTO.\n<\/h5>\t\t<\/div>\n\t\t\t\t<\/div>\n\t\t\t\t<div class=\"elementor-element elementor-element-82711cc elementor-widget elementor-widget-text-editor\" data-id=\"82711cc\" data-element_type=\"widget\" data-widget_type=\"text-editor.default\">\n\t\t\t\t<div class=\"elementor-widget-container\">\n\t\t\t\t\t\t\t<p align=\"justify\">O responsable do ficheiro de datos est\u00e1 Situado no Val.<\/p>\n<p align=\"justify\">Como responsable do tratamento f\u00f3ra do citado responsable do partido:<\/p>\n<p align=\"justify\">Grupoigal mantivo os servizos de Aloxamento para Dinahosting.<\/p>\t\t\t\t\t\t<\/div>\n\t\t\t\t<\/div>\n\t\t\t\t<div class=\"elementor-element elementor-element-f9b3695 elementor-widget elementor-widget-heading\" data-id=\"f9b3695\" data-element_type=\"widget\" data-widget_type=\"heading.default\">\n\t\t\t\t<div class=\"elementor-widget-container\">\n\t\t\t<h5 class=\"elementor-heading-title elementor-size-default\"> 9. OS SERVIZOS OFRECIDOS POR TERCEIROS A TRAV\u00c9S DESTA WEB.\n<\/h5>\t\t<\/div>\n\t\t\t\t<\/div>\n\t\t\t\t<div class=\"elementor-element elementor-element-009cf3c elementor-widget elementor-widget-text-editor\" data-id=\"009cf3c\" data-element_type=\"widget\" data-widget_type=\"text-editor.default\">\n\t\t\t\t<div class=\"elementor-widget-container\">\n\t\t\t\t\t\t\t<p align=\"justify\">A prestaci\u00f3n de servizos estrictamente necesario para o desenvolvemento da mi\u00f1a actividade, www.sitodelvalle.com utilizar os seguintes provedores baixo o seu correspondente sobre as condici\u00f3ns de privacidade.<\/p><p align=\"justify\">Aloxamento: Dinahosting<br \/>Privacidade de seguimento fontes utilizadas neste sitio web: google analytics<br \/>En www.sitodelvalle.com tam\u00e9n explora as preferencias dos seus usuarios, as s\u00faas caracter\u00edsticas demogr\u00e1ficas, tr\u00e1fico de patr\u00f3ns, e outra informaci\u00f3n en conxunto para mellor entender que o noso p\u00fablico \u00e9 e o que necesitas. O seguimento preferencias dos nosos usuarios tam\u00e9n nos axuda a amosar anuncios m\u00e1is relevantes.<\/p><p align=\"justify\">O usuario e, en xeral, calquera persoa f\u00edsica ou xur\u00eddica, pode establecer un hiperenlace ou t\u00e9cnico enlace dispositivo (por exemplo, as ligaz\u00f3ns ou bot\u00f3ns) a partir do seu sitio web para www.sitodelvalle.com (o &#034;Hiperenlace&#034;). O establecemento do Hiperenlace non implica en ning\u00fan caso a existencia de relaci\u00f3ns entre www.sitodelvalle.com e o propietario do sitio web ou a p\u00e1xina web en que se establece a Hiperligaz\u00f3n, nin a aceptaci\u00f3n ou aprobaci\u00f3n por www.sitodelvalle.com dos seus contidos ou servizos. En calquera caso, www.sitodelvalle.com res\u00e9rvase o dereito de prohibir ou desactivar en calquera momento calquera Ligaz\u00f3n para o sitio Web.<\/p>\t\t\t\t\t\t<\/div>\n\t\t\t\t<\/div>\n\t\t\t\t<div class=\"elementor-element elementor-element-87b5953 elementor-widget elementor-widget-heading\" data-id=\"87b5953\" data-element_type=\"widget\" data-widget_type=\"heading.default\">\n\t\t\t\t<div class=\"elementor-widget-container\">\n\t\t\t<h5 class=\"elementor-heading-title elementor-size-default\">10. NON DESESAS PARA RECIBIR INFORMACI\u00d3N A PARTIR DE N\u00d3S, OU QUERE REVOGAR O SEU CONSENTIMENTO?\n<\/h5>\t\t<\/div>\n\t\t\t\t<\/div>\n\t\t\t\t<div class=\"elementor-element elementor-element-8a8ee0e elementor-widget elementor-widget-text-editor\" data-id=\"8a8ee0e\" data-element_type=\"widget\" data-widget_type=\"text-editor.default\">\n\t\t\t\t<div class=\"elementor-widget-container\">\n\t\t\t\t\t\t\t<p align=\"justify\">De acordo coas disposici\u00f3ns da Lei 34\/20023, 11 de xu\u00f1o, de Servizos da Sociedade da Informaci\u00f3n e de Comercio Electr\u00f3nico, pode opo\u00f1erse \u00e1 utilizaci\u00f3n dos seus datos para fins de publicidade, investigaci\u00f3n de mercado e \/ ou desenvolvemento dunha investigaci\u00f3n de satisfacci\u00f3n en calquera momento, as\u00ed como para revogar o seu consentimento en calquera momento (sen efectos retroactivos).<\/p>\n<p align=\"justify\">Para facer isto, ten que enviar un e-mail ao enderezo de contacto INFO@SITODELVALLE.COM<\/p>\n<p align=\"justify\">Se ten recibido o correo electr\u00f3nico de publicidade, pode rexeitar a partir de este correo-e, premendo sobre o enlace inclu\u00eddo no mesmo seguindo as instruci\u00f3ns que son proporcionados. Outro xeito m\u00e1is doado ser\u00eda para acceder \u00e1 s\u00faa conta de usuario e seleccione as opci\u00f3ns apropiadas.<\/p>\n<p align=\"justify\">Por favor, te\u00f1a en conta que os nosos sistemas pode esixir un per\u00edodo de tempo que en ning\u00fan caso superior a 48 horas para a s\u00faa oposici\u00f3n ou revogaci\u00f3n \u00e9 eficaz, entend\u00e9ndose que durante este per\u00edodo de tempo pode seguir a recibir mensaxes de.<\/p>\n<p align=\"justify\">En relaci\u00f3n \u00e1 xesti\u00f3n dos seus datos asociados coa perf\u00eds sociais dos Sito do Val no lado Positivo, o exercicio do dereito de acceso depender\u00e1 da funcionalidade da rede social e as posibilidades de acceso \u00e1 informaci\u00f3n no perfil de usuarios. Con respecto aos dereitos de acceso e rectificaci\u00f3n, recomendamos que s\u00f3 ser satisfeito en relaci\u00f3n a que a informaci\u00f3n que est\u00e1 baixo o control do Sito do Val en Positivo.<\/p>\n<p align=\"justify\">Tam\u00e9n se pode deixar de interactuar, seguir ou recibir informaci\u00f3n dos perf\u00eds sociais dos Sito do Val no lado Positivo, eliminar o contido que xa non lle interesa ou restrinxir que comparte as s\u00faas conexi\u00f3ns, usando os mecanismos especificada nas diferentes redes sociais.<\/p>\n<p align=\"justify\">O usuario pode acceder a pol\u00edticas de privacidade de cada Rede Social, as\u00ed como configurar o seu perfil para garantir a s\u00faa privacidade. Sito del Valle Positivo. impulsar os usuarios a familiarizarse coas condici\u00f3ns de uso das diferentes redes sociais antes de comezar a usalos.<\/p>\t\t\t\t\t\t<\/div>\n\t\t\t\t<\/div>\n\t\t\t\t<div class=\"elementor-element elementor-element-3b06067 elementor-widget elementor-widget-heading\" data-id=\"3b06067\" data-element_type=\"widget\" data-widget_type=\"heading.default\">\n\t\t\t\t<div class=\"elementor-widget-container\">\n\t\t\t<h5 class=\"elementor-heading-title elementor-size-default\">11. SISTEMAS DE CAPTURA DE DATOS DE CAR\u00c1CTER PERSOAL E A S\u00daA FINALIDADE\n<\/h5>\t\t<\/div>\n\t\t\t\t<\/div>\n\t\t\t\t<div class=\"elementor-element elementor-element-c3cf2cb elementor-widget elementor-widget-text-editor\" data-id=\"c3cf2cb\" data-element_type=\"widget\" data-widget_type=\"text-editor.default\">\n\t\t\t\t<div class=\"elementor-widget-container\">\n\t\t\t\t\t\t\t<p align=\"justify\">1) Formulario de comentarios: A web incl\u00fae un formulario de cuxa finalidade \u00e9 a comentar os artigos, e para dar a s\u00faa opini\u00f3n respecto da liberdade de expresi\u00f3n. O usuario ser\u00e1 capaz de enviar comentarios no post \u00e9 publicado. Os datos persoais introducidos no formulario para inserir estes comentarios ser\u00e1n utilizados exclusivamente para moderarlos e publicar, reunindo igualmente estes datos, que ser\u00e1n almacenados nos servidores de Configbox.<\/p>\n<p align=\"justify\">2) Formulario de contacto: Hai un formulario de contacto cuxa finalidade \u00e9 para responder a consultas, suxesti\u00f3ns, ou p\u00f3\u00f1ase en contacto con un profesional. Neste caso imos usar o enderezo de correo electr\u00f3nico para responder a eles e enviar a informaci\u00f3n que o usuario \u00e9 necesaria a trav\u00e9s da web.<\/p>\n<p align=\"justify\">3) as Cookies: Cando o usuario est\u00e1 rexistrado en, ou de navegaci\u00f3n na web, n\u00f3s tenda &#034;cookies&#034;, O usuario poder\u00e1 consultar en calquera momento a pol\u00edtica de cookies para obter m\u00e1is informaci\u00f3n sobre o uso de cookies e como para desactivalo los.<\/p>\n<p align=\"justify\">4) os usuarios ser\u00e1n capaces de cancelar en calquera momento dos servizos ofrecidos polo noso sitio web desde o mesmo Newsletter mediante a cancelaci\u00f3n forma.<\/p>\n<p align=\"justify\">5) Sistemas de seguimento utilizados neste sitio: Google (google Analytics), en www.sitodelvalle.com tam\u00e9n explora as preferencias dos seus usuarios, as s\u00faas caracter\u00edsticas demogr\u00e1ficas, tr\u00e1fico de patr\u00f3ns, e outras informaci\u00f3ns xuntos para entender mellor que son o seu p\u00fablico e o que necesita. O seguimento preferencias dos nosos usuarios tam\u00e9n nos axuda a amosar anuncios m\u00e1is relevantes.<\/p>\n<p align=\"justify\">Eu non vou compartir, vender, alugar a s\u00faa informaci\u00f3n persoal con outros partidos. Podo compartir unha informaci\u00f3n con terceiros prestadores de servizos autorizados necesario para fornecer-lle con alg\u00fans servizos.<\/p>\t\t\t\t\t\t<\/div>\n\t\t\t\t<\/div>\n\t\t\t\t<div class=\"elementor-element elementor-element-a036689 elementor-widget elementor-widget-heading\" data-id=\"a036689\" data-element_type=\"widget\" data-widget_type=\"heading.default\">\n\t\t\t\t<div class=\"elementor-widget-container\">\n\t\t\t<h5 class=\"elementor-heading-title elementor-size-default\">12. PLUGINS SOCIAIS\n<\/h5>\t\t<\/div>\n\t\t\t\t<\/div>\n\t\t\t\t<div class=\"elementor-element elementor-element-bc92c0c elementor-widget elementor-widget-text-editor\" data-id=\"bc92c0c\" data-element_type=\"widget\" data-widget_type=\"text-editor.default\">\n\t\t\t\t<div class=\"elementor-widget-container\">\n\t\t\t\t\t\t\t<p align=\"justify\">No noso sitio web, ofrecemos enlaces e servizos asociados a diferentes redes sociais ( por exemplo, &#034;g\u00fastame&#034; de Facebook). Se vostede \u00e9 un membro de unha rede social e prema sobre a ligaz\u00f3n correspondente, o provedor da rede social pode conectar o seu perfil de datos coa informaci\u00f3n e a s\u00faa visita a este sitio web.<\/p>\n<p align=\"justify\">Polo tanto, \u00e9 desexable para m\u00e1is informaci\u00f3n sobre as funci\u00f3ns e pol\u00edticas sobre o tratamento de datos de car\u00e1cter persoal dos respectivos rede social, se ten acceso unha das nosas p\u00e1xinas web con calquera dos seus perf\u00eds de comunicaci\u00f3n social ou compartir informaci\u00f3n a trav\u00e9s deles.<\/p>\n<p align=\"justify\">Pode acceder en todo momento as pol\u00edticas de privacidade de diversas redes sociais, as\u00ed como configurar o seu perfil para garantir a s\u00faa privacidade. N\u00f3s encouraged vostede a familiarizarse cos termos e condici\u00f3ns de uso destes medios de comunicaci\u00f3n social antes de comezar a usalos.<\/p>\t\t\t\t\t\t<\/div>\n\t\t\t\t<\/div>\n\t\t\t\t<div class=\"elementor-element elementor-element-5e2b985 elementor-widget elementor-widget-heading\" data-id=\"5e2b985\" data-element_type=\"widget\" data-widget_type=\"heading.default\">\n\t\t\t\t<div class=\"elementor-widget-container\">\n\t\t\t<h5 class=\"elementor-heading-title elementor-size-default\">13. A ACEPTACI\u00d3N, O CONSENTIMENTO E REVOCABILIDAD\n\n\n<\/h5>\t\t<\/div>\n\t\t\t\t<\/div>\n\t\t\t\t<div class=\"elementor-element elementor-element-a9a7b38 elementor-widget elementor-widget-text-editor\" data-id=\"a9a7b38\" data-element_type=\"widget\" data-widget_type=\"text-editor.default\">\n\t\t\t\t<div class=\"elementor-widget-container\">\n\t\t\t\t\t\t\t<p align=\"justify\">O Usuario declara ter sido informado das condici\u00f3ns sobre protecci\u00f3n de datos de car\u00e1cter persoal, aceptando e consentindo o tratamento dos mesmos por Sito del Valle Positivo, na forma e para as finalidades indicadas no aviso legal.<\/p>\n<p align=\"justify\">Como vostede ben sabe e ten comunicada ao longo da presente pol\u00edtica de privacidade, en calquera momento, o dereito de revogar os seus datos, pero sempre sen retroativa.<\/p>\t\t\t\t\t\t<\/div>\n\t\t\t\t<\/div>\n\t\t\t\t<div class=\"elementor-element elementor-element-6184f47 elementor-widget elementor-widget-heading\" data-id=\"6184f47\" data-element_type=\"widget\" data-widget_type=\"heading.default\">\n\t\t\t\t<div class=\"elementor-widget-container\">\n\t\t\t<h5 class=\"elementor-heading-title elementor-size-default\">14. CAMBIOS NESTA POL\u00cdTICA DE PRIVACIDADE\n\n\n<\/h5>\t\t<\/div>\n\t\t\t\t<\/div>\n\t\t\t\t<div class=\"elementor-element elementor-element-e08dd90 elementor-widget elementor-widget-text-editor\" data-id=\"e08dd90\" data-element_type=\"widget\" data-widget_type=\"text-editor.default\">\n\t\t\t\t<div class=\"elementor-widget-container\">\n\t\t\t\t\t\t\t<p align=\"justify\">Sito Val en Positivo res\u00e9rvase o dereito a modificar a presente pol\u00edtica para adaptala a novidades lexislativas ou xurisprudenciais as\u00ed como a pr\u00e1cticas da industria. En tales casos, o Provedor anunciar\u00e1 nesta p\u00e1xina cambios con razoable antelaci\u00f3n \u00e1 s\u00faa posta en marcha.<\/p>\n<p align=\"justify\">Estes textos legais est\u00e1n protexidos polos dereitos de autor e desenvolvido especificamente para o noso sitio web.<\/p>\t\t\t\t\t\t<\/div>\n\t\t\t\t<\/div>\n\t\t\t\t\t<\/div>\n\t\t<\/div>\n\t\t\t\t\t\t\t<\/div>\n\t\t<\/section>\n\t\t\t\t\t\t\t<\/div>","protected":false},"excerpt":{"rendered":"<p>POL\u00cdTICA DE PRIVACIDAD POL\u00cdTICA DE PRIVACIDAD De conformidad con lo dispuesto en el Reglamento General (UE) Sobre Protecci\u00f3n de Datos, mediante la aceptaci\u00f3n de la presente Pol\u00edtica de Privacidad prestas tu consentimiento informado, expreso, libre e inequ\u00edvoco para que los datos personales que proporciones a trav\u00e9s de la p\u00e1gina web https:\/\/sitodelvalle.com (en adelante SITIO WEB) [&hellip;]<\/p>","protected":false},"author":1,"featured_media":0,"parent":0,"menu_order":0,"comment_status":"closed","ping_status":"open","template":"","meta":{"site-sidebar-layout":"default","site-content-layout":"","ast-site-content-layout":"","site-content-style":"default","site-sidebar-style":"default","ast-global-header-display":"","ast-banner-title-visibility":"","ast-main-header-display":"","ast-hfb-above-header-display":"","ast-hfb-below-header-display":"","ast-hfb-mobile-header-display":"","site-post-title":"disabled","ast-breadcrumbs-content":"","ast-featured-img":"","footer-sml-layout":"","theme-transparent-header-meta":"","adv-header-id-meta":"","stick-header-meta":"","header-above-stick-meta":"","header-main-stick-meta":"","header-below-stick-meta":"","astra-migrate-meta-layouts":"default","ast-page-background-enabled":"default","ast-page-background-meta":{"desktop":{"background-color":"var(--ast-global-color-4)","background-image":"","background-repeat":"repeat","background-position":"center center","background-size":"auto","background-attachment":"scroll","background-type":"","background-media":"","overlay-type":"","overlay-color":"","overlay-opacity":"","overlay-gradient":""},"tablet":{"background-color":"","background-image":"","background-repeat":"repeat","background-position":"center center","background-size":"auto","background-attachment":"scroll","background-type":"","background-media":"","overlay-type":"","overlay-color":"","overlay-opacity":"","overlay-gradient":""},"mobile":{"background-color":"","background-image":"","background-repeat":"repeat","background-position":"center center","background-size":"auto","background-attachment":"scroll","background-type":"","background-media":"","overlay-type":"","overlay-color":"","overlay-opacity":"","overlay-gradient":""}},"ast-content-background-meta":{"desktop":{"background-color":"var(--ast-global-color-5)","background-image":"","background-repeat":"repeat","background-position":"center center","background-size":"auto","background-attachment":"scroll","background-type":"","background-media":"","overlay-type":"","overlay-color":"","overlay-opacity":"","overlay-gradient":""},"tablet":{"background-color":"var(--ast-global-color-5)","background-image":"","background-repeat":"repeat","background-position":"center center","background-size":"auto","background-attachment":"scroll","background-type":"","background-media":"","overlay-type":"","overlay-color":"","overlay-opacity":"","overlay-gradient":""},"mobile":{"background-color":"var(--ast-global-color-5)","background-image":"","background-repeat":"repeat","background-position":"center center","background-size":"auto","background-attachment":"scroll","background-type":"","background-media":"","overlay-type":"","overlay-color":"","overlay-opacity":"","overlay-gradient":""}},"footnotes":""},"class_list":["post-3","page","type-page","status-publish","hentry"],"yoast_head":"<!-- This site is optimized with the Yoast SEO plugin v24.7 - https:\/\/yoast.com\/wordpress\/plugins\/seo\/ -->\n<title>Pol\u00edtica de privacidad - Sito Del Valle<\/title>\n<meta name=\"description\" content=\"Centro terap\u00e9utico y Escuela de Terapias Naturales Sito del Valle. Pasi\u00f3n y profesionalidad. %\" \/>\n<meta name=\"robots\" content=\"index, follow, max-snippet:-1, max-image-preview:large, max-video-preview:-1\" \/>\n<link rel=\"canonical\" href=\"https:\/\/sitodelvalle.com\/gl\/politica-privacidad\/\" \/>\n<meta property=\"og:locale\" content=\"gl_ES\" \/>\n<meta property=\"og:type\" content=\"article\" \/>\n<meta property=\"og:title\" content=\"Pol\u00edtica de privacidad - Sito Del Valle\" \/>\n<meta property=\"og:description\" content=\"Centro terap\u00e9utico y Escuela de Terapias Naturales Sito del Valle. Pasi\u00f3n y profesionalidad. %\" \/>\n<meta property=\"og:url\" content=\"https:\/\/sitodelvalle.com\/gl\/politica-privacidad\/\" \/>\n<meta property=\"og:site_name\" content=\"Sito Del Valle\" \/>\n<meta property=\"article:modified_time\" content=\"2022-09-27T13:14:09+00:00\" \/>\n<meta name=\"twitter:card\" content=\"summary_large_image\" \/>\n<meta name=\"twitter:label1\" content=\"Tempo de lectura\" \/>\n\t<meta name=\"twitter:data1\" content=\"13 minutos\" \/>\n<script type=\"application\/ld+json\" class=\"yoast-schema-graph\">{\"@context\":\"https:\/\/schema.org\",\"@graph\":[{\"@type\":\"WebPage\",\"@id\":\"https:\/\/sitodelvalle.com\/politica-privacidad\/\",\"url\":\"https:\/\/sitodelvalle.com\/politica-privacidad\/\",\"name\":\"Pol\u00edtica de privacidad - Sito Del Valle\",\"isPartOf\":{\"@id\":\"https:\/\/sitodelvalle.com\/#website\"},\"datePublished\":\"2022-07-19T11:21:03+00:00\",\"dateModified\":\"2022-09-27T13:14:09+00:00\",\"description\":\"Centro terap\u00e9utico y Escuela de Terapias Naturales Sito del Valle. Pasi\u00f3n y profesionalidad. %\",\"breadcrumb\":{\"@id\":\"https:\/\/sitodelvalle.com\/politica-privacidad\/#breadcrumb\"},\"inLanguage\":\"gl-ES\",\"potentialAction\":[{\"@type\":\"ReadAction\",\"target\":[\"https:\/\/sitodelvalle.com\/politica-privacidad\/\"]}]},{\"@type\":\"BreadcrumbList\",\"@id\":\"https:\/\/sitodelvalle.com\/politica-privacidad\/#breadcrumb\",\"itemListElement\":[{\"@type\":\"ListItem\",\"position\":1,\"name\":\"Portada\",\"item\":\"https:\/\/sitodelvalle.com\/\"},{\"@type\":\"ListItem\",\"position\":2,\"name\":\"Pol\u00edtica de privacidad\"}]},{\"@type\":\"WebSite\",\"@id\":\"https:\/\/sitodelvalle.com\/#website\",\"url\":\"https:\/\/sitodelvalle.com\/\",\"name\":\"Sito Del Valle\",\"description\":\"Centro terap\u00e9utico y Escuela de Terapias Naturales Sito del Valle. Pasi\u00f3n y profesionalidad.\",\"publisher\":{\"@id\":\"https:\/\/sitodelvalle.com\/#organization\"},\"potentialAction\":[{\"@type\":\"SearchAction\",\"target\":{\"@type\":\"EntryPoint\",\"urlTemplate\":\"https:\/\/sitodelvalle.com\/?s={search_term_string}\"},\"query-input\":{\"@type\":\"PropertyValueSpecification\",\"valueRequired\":true,\"valueName\":\"search_term_string\"}}],\"inLanguage\":\"gl-ES\"},{\"@type\":\"Organization\",\"@id\":\"https:\/\/sitodelvalle.com\/#organization\",\"name\":\"Sito del Valle\",\"url\":\"https:\/\/sitodelvalle.com\/\",\"logo\":{\"@type\":\"ImageObject\",\"inLanguage\":\"gl-ES\",\"@id\":\"https:\/\/sitodelvalle.com\/#\/schema\/logo\/image\/\",\"url\":\"https:\/\/sitodelvalle.com\/wp-content\/uploads\/2022\/08\/cropped-logo-ancho.png\",\"contentUrl\":\"https:\/\/sitodelvalle.com\/wp-content\/uploads\/2022\/08\/cropped-logo-ancho.png\",\"width\":512,\"height\":512,\"caption\":\"Sito del Valle\"},\"image\":{\"@id\":\"https:\/\/sitodelvalle.com\/#\/schema\/logo\/image\/\"}}]}<\/script>\n<!-- \/ Yoast SEO plugin. -->","yoast_head_json":{"title":"Pol\u00edtica de privacidad - Sito Del Valle","description":"Centro terap\u00e9utico y Escuela de Terapias Naturales Sito del Valle. Pasi\u00f3n y profesionalidad. %","robots":{"index":"index","follow":"follow","max-snippet":"max-snippet:-1","max-image-preview":"max-image-preview:large","max-video-preview":"max-video-preview:-1"},"canonical":"https:\/\/sitodelvalle.com\/gl\/politica-privacidad\/","og_locale":"gl_ES","og_type":"article","og_title":"Pol\u00edtica de privacidad - Sito Del Valle","og_description":"Centro terap\u00e9utico y Escuela de Terapias Naturales Sito del Valle. Pasi\u00f3n y profesionalidad. %","og_url":"https:\/\/sitodelvalle.com\/gl\/politica-privacidad\/","og_site_name":"Sito Del Valle","article_modified_time":"2022-09-27T13:14:09+00:00","twitter_card":"summary_large_image","twitter_misc":{"Tempo de lectura":"13 minutos"},"schema":{"@context":"https:\/\/schema.org","@graph":[{"@type":"WebPage","@id":"https:\/\/sitodelvalle.com\/politica-privacidad\/","url":"https:\/\/sitodelvalle.com\/politica-privacidad\/","name":"Pol\u00edtica de privacidad - Sito Del Valle","isPartOf":{"@id":"https:\/\/sitodelvalle.com\/#website"},"datePublished":"2022-07-19T11:21:03+00:00","dateModified":"2022-09-27T13:14:09+00:00","description":"Centro terap\u00e9utico y Escuela de Terapias Naturales Sito del Valle. Pasi\u00f3n y profesionalidad. %","breadcrumb":{"@id":"https:\/\/sitodelvalle.com\/politica-privacidad\/#breadcrumb"},"inLanguage":"gl-ES","potentialAction":[{"@type":"ReadAction","target":["https:\/\/sitodelvalle.com\/politica-privacidad\/"]}]},{"@type":"BreadcrumbList","@id":"https:\/\/sitodelvalle.com\/politica-privacidad\/#breadcrumb","itemListElement":[{"@type":"ListItem","position":1,"name":"Portada","item":"https:\/\/sitodelvalle.com\/"},{"@type":"ListItem","position":2,"name":"Pol\u00edtica de privacidad"}]},{"@type":"WebSite","@id":"https:\/\/sitodelvalle.com\/#website","url":"https:\/\/sitodelvalle.com\/","name":"Sito Del Valle","description":"Centro terap\u00e9utico y Escuela de Terapias Naturales Sito del Valle. Pasi\u00f3n y profesionalidad.","publisher":{"@id":"https:\/\/sitodelvalle.com\/#organization"},"potentialAction":[{"@type":"SearchAction","target":{"@type":"EntryPoint","urlTemplate":"https:\/\/sitodelvalle.com\/?s={search_term_string}"},"query-input":{"@type":"PropertyValueSpecification","valueRequired":true,"valueName":"search_term_string"}}],"inLanguage":"gl-ES"},{"@type":"Organization","@id":"https:\/\/sitodelvalle.com\/#organization","name":"Sito del Valle","url":"https:\/\/sitodelvalle.com\/","logo":{"@type":"ImageObject","inLanguage":"gl-ES","@id":"https:\/\/sitodelvalle.com\/#\/schema\/logo\/image\/","url":"https:\/\/sitodelvalle.com\/wp-content\/uploads\/2022\/08\/cropped-logo-ancho.png","contentUrl":"https:\/\/sitodelvalle.com\/wp-content\/uploads\/2022\/08\/cropped-logo-ancho.png","width":512,"height":512,"caption":"Sito del Valle"},"image":{"@id":"https:\/\/sitodelvalle.com\/#\/schema\/logo\/image\/"}}]}},"_links":{"self":[{"href":"https:\/\/sitodelvalle.com\/gl\/wp-json\/wp\/v2\/pages\/3","targetHints":{"allow":["GET"]}}],"collection":[{"href":"https:\/\/sitodelvalle.com\/gl\/wp-json\/wp\/v2\/pages"}],"about":[{"href":"https:\/\/sitodelvalle.com\/gl\/wp-json\/wp\/v2\/types\/page"}],"author":[{"embeddable":true,"href":"https:\/\/sitodelvalle.com\/gl\/wp-json\/wp\/v2\/users\/1"}],"replies":[{"embeddable":true,"href":"https:\/\/sitodelvalle.com\/gl\/wp-json\/wp\/v2\/comments?post=3"}],"version-history":[{"count":11,"href":"https:\/\/sitodelvalle.com\/gl\/wp-json\/wp\/v2\/pages\/3\/revisions"}],"predecessor-version":[{"id":3437,"href":"https:\/\/sitodelvalle.com\/gl\/wp-json\/wp\/v2\/pages\/3\/revisions\/3437"}],"wp:attachment":[{"href":"https:\/\/sitodelvalle.com\/gl\/wp-json\/wp\/v2\/media?parent=3"}],"curies":[{"name":"wp","href":"https:\/\/api.w.org\/{rel}","templated":true}]}}